{"id":1507,"date":"2018-07-03T13:12:04","date_gmt":"2018-07-03T16:12:04","guid":{"rendered":"https:\/\/istlyr-caba.infd.edu.ar\/sitio\/miradas-sobre-territorio-comunicacion-y-desarrollo-local\/"},"modified":"2024-08-12T11:00:48","modified_gmt":"2024-08-12T14:00:48","slug":"miradas-sobre-territorio-comunicacion-y-desarrollo-local","status":"publish","type":"page","link":"https:\/\/istlyr-caba.infd.edu.ar\/sitio\/miradas-sobre-territorio-comunicacion-y-desarrollo-local\/","title":{"rendered":"Miradas sobre territorio, comunicaci\u00f3n y desarrollo local"},"content":{"rendered":"\n<figure class=\"wp-block-image\"><img decoding=\"async\" src=\"https:\/\/istlyr-caba.infd.edu.ar\/sitio\/wp-content\/uploads\/2018\/07\/comu_tapa_1.jpg\" alt=\"\"\/><\/figure>\n\n\n\n<p><strong>Si necesitas consultar o adquirir estas publicaciones en su versi\u00f3n impresa podes hacerlo en la Biblioteca del ISTLyR.<\/strong><\/p>\n\n\n\n<p><strong>Podes descargar la publicaci\u00f3n haciendo click <a href=\"https:\/\/drive.google.com\/file\/d\/1i7GWCWRHgx-A4LJD2wXC68dru_YlUoWf\/view?usp=sharing\" target=\"_blank\" rel=\"noopener\">aqu\u00ed.<\/a><\/strong><\/p>\n\n\n\n<h3 class=\"wp-block-heading\"><strong><br>Indice<\/strong><\/h3>\n\n\n\n<p class=\"has-small-font-size\">Pr\u00f3logo. <br><em>Mariana Bernal y Jorge Cajaraville<\/em><br><br>Miradas sobre territorio, comunicaci\u00f3n y desarrollo local. <br><em>Christian Dodaro y Gabriela Bustos<\/em><br><br>Comunicaci\u00f3n y desarrollo local: hagan sus apuestas. <br><em>Diego Jaimes<\/em><br><br>Cr\u00f3nicas<br><em>Uriel Cababi\u00e9<\/em><br><br>Comunicaci\u00f3n, desarrollo y territorio, tres significantes en pugna.\u00a0<br><em>Florencia Brescia y Agustina P\u00e9rez Rial<br><\/em><br>Radios comunitarias y desarrollo local.\u00a0<br><em>Diego Jaimes<br><\/em><br>Cr\u00f3nicas<br><em>Denise Altieri<br><\/em><br>Socializadores a medio tiempo. <br><em>Pablo Quatrini<br><\/em><br>La radio: una herramienta pedag\u00f3gica. Entre lo posible y lo real. <br><em>Mariano Molina<br><\/em><br>Cr\u00f3nicas<br><em>Mar\u00eda Bel\u00e9n Rivas<br><\/em><br>Nuevos modelos de Econom\u00eda. El rol de la comunicaci\u00f3n en la promoci\u00f3n, acompa\u00f1amiento y visibilizaci\u00f3n p\u00fablica de la econom\u00eda popular social y solidaria (EP\/ESS). <br><em>Ramiro Coelho<br><\/em><br>Los medios de comunicaci\u00f3n en la construcci\u00f3n de la subjetividad. Documentaci\u00f3n narrativa de una experiencia pedag\u00f3gica.\u00a0<br><em>Graciela Resala<br><\/em><br>La Ley de Servicios de Comunicaci\u00f3n Audiovisual y el impulso a la producci\u00f3n audiovisual comunitaria.\u00a0<br><em>Mariano Carril<br><\/em><br>Cr\u00f3nicas<br><em>Sebasti\u00e1n Calder\u00f3n<br><\/em><br>Memes. <br><em>Pascual Calichio<br><\/em><br>Cine documental, memorias de la crisis. El cine de intervenci\u00f3n pol\u00edtica en el per\u00edodo post 2001.\u00a0<br><em>Maximiliano de la Puente<br><\/em><br>Cr\u00f3nicas<br><em>Lara Troncoso<\/em><\/p>\n\n\n\n<hr class=\"wp-block-separator has-alpha-channel-opacity\"\/>\n\n\n\n<p><span style=\"font-size: 18pt;\"><strong>Miradas sobre territorio, comunicaci\u00f3n y desarrollo local<br><\/strong><\/span><em>Por Christian Dodaro y Gabriela Bustos<\/em><\/p>\n\n\n\n<p>Este texto propone pensar los distintos modos de intervenci\u00f3n en el territorio desde los saberes y oficios ligados al campo disciplinar de la comunicaci\u00f3n que se ponen en juego y desde all\u00ed dar cuenta del modo en que el trabajo territorial genera conocimiento nuevo y nos permite revisar nuestras certidumbres, nuestros modos de mirar y actuar. Es una apuesta institucional dado que las carreras de Pedagog\u00eda y Educaci\u00f3n Social, Recreaci\u00f3n y Comunicaci\u00f3n Social orientada al Desarrollo Local contemplan un tercio de su formaci\u00f3n en terreno. Por ello nos planteamos el desaf\u00edo de articular y sintetizar el trabajo en el territorio y la discusi\u00f3n acad\u00e9mica. En lo concerniente a la carrera de Comunicaci\u00f3n Social orientada al Desarrollo Local, ella se referencia en lo establecido por la Constituci\u00f3n de la Ciudad la cual sostiene la necesidad de aportar a la conformaci\u00f3n de las comunas y a la promoci\u00f3n de la Democracia Participativa y un plan de Desarrollo Comunicacional para la participaci\u00f3n ciudadana. Ello mientras estamos situados en un conjunto de fragmentos donde viven casi 4 millones de habitantes en barrios que van desde Villa Soldati hasta Recoleta. Desde aqu\u00ed nos queda preguntarnos \u00bfQu\u00e9 quiere decir desarrollo local? \u00bfQu\u00e9 quiere decir en la Ciudad de Buenos Aires, una ciudad con una cantidad de accesos en la vida cotidiana que est\u00e1 mediatizada tecnol\u00f3gicamente en lo relativo al trabajo, a la informaci\u00f3n, a la comunicaci\u00f3n? Y nuestro desaf\u00edo, entonces, es avanzar en ensayar nuevas formas de pensar estas articulaciones, siempre problem\u00e1ticas; esta cuesti\u00f3n de la comunicaci\u00f3n ligada a intervenir, acompa\u00f1ar procesos, a trabajar y pensar desde el territorio, m\u00e1s a\u00fan ante los desaf\u00edos que presenta la Ley de Servicios de Comunicaci\u00f3n Audiovisual.<\/p>\n\n\n\n<p><strong><span style=\"font-size: 18pt;\"><br>Comunicaci\u00f3n y desarrollo local: hagan sus apuestas<br><\/span><\/strong><em>Por Diego Jaimes<\/em><\/p>\n\n\n\n<p>Entre 2011 y 2012 un peque\u00f1o grupo de comunicadores sociales tuvimos la oportunidad de dise\u00f1ar el Plan de Estudios de la Tecnicatura Superior en Comunicaci\u00f3n Social orientada al Desarrollo Local en el marco del Instituto Superior de Tiempo Libre y Recreaci\u00f3n (ISTLyR) de la Ciudad de Buenos Aires. Con el impulso de la Ley de Servicios de Comunicaci\u00f3n Audiovisual (26.522) y su mandato de formar a \u201clos nuevos comunicadores para un un nuevo modelo de comunicaci\u00f3n\u201d \u2013seg\u00fan sosten\u00edan muchos de sus impulsores\u2013 tomamos la iniciativa de comenzar a armar un mapa, un plan, un camino que abriera una ventana para quienes se animaran al desaf\u00edo de participar en el complejo y desafiante proceso de democratizaci\u00f3n de la comunicaci\u00f3n. Mientras cumplimos los primeros tres a\u00f1os de la Carrera, y caminando a la par de los primeros estudiantes graduados, ponemos en com\u00fan algunas de las intenciones\/intuiciones iniciales, pensadas a partir de un escenario de mediano y largo plazo donde nuestro pa\u00eds, y en especial la Ciudad de Buenos Aires y alrededores, pudiera construir un mapa de medios m\u00e1s democr\u00e1tico, plural, diverso, en el cual los actores territoriales tuvieran un rol protag\u00f3nico. Contexto y desaf\u00edos Un lugar: la ciudad de Buenos Aires, la gran metr\u00f3poli, territorio del anonimato, de la multitud, partida al medio, desigual, con su norte y su sur, con sus barriadas pobres, medias y altas, su sobrecarga de informaci\u00f3n y comunicaci\u00f3n, su imposibilidad de abarcarla en una sola foto. Pero tambi\u00e9n capital de un pa\u00eds, vidriera, caja de resonancia de la vida p\u00fablica y pol\u00edtica. Un tiempo: la d\u00e9cada de los dos mil, etapa que podr\u00edamos caracterizar a nivel nacional y continental como \u201cpost-neoliberal\u201d, donde comienzan a emerger nuevas pol\u00edticas p\u00fablicas, nuevos sujetos sociales y nuevos procesos de transformaci\u00f3n que podemos ilustrar en dos grandes fen\u00f3menos: la recuperaci\u00f3n del Estado y de la conquista de derechos.<\/p>\n","protected":false},"excerpt":{"rendered":"<p>Si necesitas consultar o adquirir estas publicaciones en su versi\u00f3n impresa podes hacerlo en la Biblioteca del ISTLyR. Podes descargar la publicaci\u00f3n haciendo click aqu\u00ed. Indice Pr\u00f3logo. Mariana Bernal y Jorge Cajaraville Miradas sobre territorio, comunicaci\u00f3n y desarrollo local. Christian Dodaro y Gabriela Bustos Comunicaci\u00f3n y desarrollo local: hagan sus apuestas. Diego Jaimes Cr\u00f3nicasUriel Cababi\u00e9 &#8230; <a title=\"Miradas sobre territorio, comunicaci\u00f3n y desarrollo local\" class=\"read-more\" href=\"https:\/\/istlyr-caba.infd.edu.ar\/sitio\/miradas-sobre-territorio-comunicacion-y-desarrollo-local\/\" aria-label=\"More on Miradas sobre territorio, comunicaci\u00f3n y desarrollo local\">[+]<\/a><\/p>\n","protected":false},"author":19,"featured_media":0,"parent":0,"menu_order":0,"comment_status":"closed","ping_status":"closed","template":"","meta":[],"acf":[],"_links":{"self":[{"href":"https:\/\/istlyr-caba.infd.edu.ar\/sitio\/wp-json\/wp\/v2\/pages\/1507"}],"collection":[{"href":"https:\/\/istlyr-caba.infd.edu.ar\/sitio\/wp-json\/wp\/v2\/pages"}],"about":[{"href":"https:\/\/istlyr-caba.infd.edu.ar\/sitio\/wp-json\/wp\/v2\/types\/page"}],"author":[{"embeddable":true,"href":"https:\/\/istlyr-caba.infd.edu.ar\/sitio\/wp-json\/wp\/v2\/users\/19"}],"replies":[{"embeddable":true,"href":"https:\/\/istlyr-caba.infd.edu.ar\/sitio\/wp-json\/wp\/v2\/comments?post=1507"}],"version-history":[{"count":9,"href":"https:\/\/istlyr-caba.infd.edu.ar\/sitio\/wp-json\/wp\/v2\/pages\/1507\/revisions"}],"predecessor-version":[{"id":6103,"href":"https:\/\/istlyr-caba.infd.edu.ar\/sitio\/wp-json\/wp\/v2\/pages\/1507\/revisions\/6103"}],"wp:attachment":[{"href":"https:\/\/istlyr-caba.infd.edu.ar\/sitio\/wp-json\/wp\/v2\/media?parent=1507"}],"curies":[{"name":"wp","href":"https:\/\/api.w.org\/{rel}","templated":true}]}}