{"id":1419,"date":"2018-07-03T13:11:24","date_gmt":"2018-07-03T16:11:24","guid":{"rendered":"https:\/\/istlyr-caba.infd.edu.ar\/sitio\/areas-de-apoyo\/"},"modified":"2026-04-01T09:52:03","modified_gmt":"2026-04-01T12:52:03","slug":"areas-de-apoyo","status":"publish","type":"page","link":"https:\/\/istlyr-caba.infd.edu.ar\/sitio\/areas-de-apoyo\/","title":{"rendered":"\u00c1reas de apoyo"},"content":{"rendered":"\n<figure class=\"wp-block-image\"><img decoding=\"async\" loading=\"lazy\" width=\"1080\" height=\"600\" src=\"https:\/\/istlyr-caba.infd.edu.ar\/sitio\/wp-content\/uploads\/2019\/04\/IMG_1758areasdeapoyo.jpg\" alt=\"\" class=\"wp-image-2957\" srcset=\"https:\/\/istlyr-caba.infd.edu.ar\/sitio\/wp-content\/uploads\/2019\/04\/IMG_1758areasdeapoyo.jpg 1080w, https:\/\/istlyr-caba.infd.edu.ar\/sitio\/wp-content\/uploads\/2019\/04\/IMG_1758areasdeapoyo-1000x556.jpg 1000w, https:\/\/istlyr-caba.infd.edu.ar\/sitio\/wp-content\/uploads\/2019\/04\/IMG_1758areasdeapoyo-768x427.jpg 768w\" sizes=\"(max-width: 1080px) 100vw, 1080px\" \/><\/figure>\n\n\n\n<h2 class=\"wp-block-heading\"><strong>Secretar\u00eda<\/strong><\/h2>\n\n\n\n<p><strong>Secretaria:&nbsp;<\/strong>Prof. Ana Laura Razeto<br><strong>Auxiliar de Secretar\u00eda y Soporte T\u00e9cnico:&nbsp;<\/strong>Santiago Bardauil<\/p>\n\n\n\n<hr class=\"wp-block-separator has-alpha-channel-opacity\"\/>\n\n\n\n<h2 class=\"wp-block-heading\"><strong>Bedel\u00eda<\/strong><\/h2>\n\n\n\n<p><strong>Responsables:&nbsp;<\/strong>Prof. Alicia Bernain, T\u00e9c. Alejandra Gabriela Pesano, T\u00e9c.Ver\u00f3nica Gesualdi<br><strong>Contacto<\/strong>: <a rel=\"noreferrer noopener\" href=\"mailto:bedeliaistlyr@gmail.com\" target=\"_blank\">bedeliaistlyr@gmail.com<\/a><\/p>\n\n\n\n<hr class=\"wp-block-separator has-alpha-channel-opacity\"\/>\n\n\n\n<h2 class=\"wp-block-heading\"><b>T\u00edtulos <\/b><\/h2>\n\n\n\n<p>Prof. Silvina Testa<br><strong>Contacto<\/strong>: istlyr1@gmail.com<\/p>\n\n\n\n<hr class=\"wp-block-separator has-alpha-channel-opacity\"\/>\n\n\n\n<h2 class=\"wp-block-heading\"><strong>Biblioteca<\/strong><\/h2>\n\n\n\n<p><strong>Responsable:\u00a0<\/strong>T\u00e9c. Bibl. Gabriela Vecco Ch\u00e1vez<br><strong>Contacto<\/strong>: <a href=\"mailto:bibliotecaistlyr@gmail.com\" target=\"_blank\" rel=\"noreferrer noopener\">bibliotecaistlyr@gmail.com<\/a><\/p>\n\n\n\n<p><a href=\"https:\/\/forms.gle\/7AgBVZuUmxTR3Fv79\" target=\"_blank\" rel=\"noreferrer noopener\">Solicitud para ingresar en pre-hora (17:30 h)<\/a><\/p>\n\n\n\n<hr class=\"wp-block-separator has-alpha-channel-opacity\"\/>\n\n\n\n<h2 class=\"wp-block-heading\"><strong>Campus Virtual<\/strong><\/h2>\n\n\n\n<p><strong>Responsable: <\/strong>Lic. Luis Escuredo<br><strong>Contacto:&nbsp;<\/strong><a href=\"mailto:lescuredo@gmail.com\">lescuredo@gmail.com<\/a><\/p>\n","protected":false},"excerpt":{"rendered":"<p>Secretar\u00eda Secretaria:&nbsp;Prof. Ana Laura RazetoAuxiliar de Secretar\u00eda y Soporte T\u00e9cnico:&nbsp;Santiago Bardauil Bedel\u00eda Responsables:&nbsp;Prof. Alicia Bernain, T\u00e9c. Alejandra Gabriela Pesano, T\u00e9c.Ver\u00f3nica GesualdiContacto: bedeliaistlyr@gmail.com T\u00edtulos Prof. Silvina TestaContacto: istlyr1@gmail.com Biblioteca Responsable:\u00a0T\u00e9c. Bibl. Gabriela Vecco Ch\u00e1vezContacto: bibliotecaistlyr@gmail.com Solicitud para ingresar en pre-hora (17:30 h) Campus Virtual Responsable: Lic. Luis EscuredoContacto:&nbsp;lescuredo@gmail.com<\/p>\n","protected":false},"author":19,"featured_media":0,"parent":0,"menu_order":0,"comment_status":"closed","ping_status":"closed","template":"","meta":[],"acf":[],"_links":{"self":[{"href":"https:\/\/istlyr-caba.infd.edu.ar\/sitio\/wp-json\/wp\/v2\/pages\/1419"}],"collection":[{"href":"https:\/\/istlyr-caba.infd.edu.ar\/sitio\/wp-json\/wp\/v2\/pages"}],"about":[{"href":"https:\/\/istlyr-caba.infd.edu.ar\/sitio\/wp-json\/wp\/v2\/types\/page"}],"author":[{"embeddable":true,"href":"https:\/\/istlyr-caba.infd.edu.ar\/sitio\/wp-json\/wp\/v2\/users\/19"}],"replies":[{"embeddable":true,"href":"https:\/\/istlyr-caba.infd.edu.ar\/sitio\/wp-json\/wp\/v2\/comments?post=1419"}],"version-history":[{"count":15,"href":"https:\/\/istlyr-caba.infd.edu.ar\/sitio\/wp-json\/wp\/v2\/pages\/1419\/revisions"}],"predecessor-version":[{"id":7654,"href":"https:\/\/istlyr-caba.infd.edu.ar\/sitio\/wp-json\/wp\/v2\/pages\/1419\/revisions\/7654"}],"wp:attachment":[{"href":"https:\/\/istlyr-caba.infd.edu.ar\/sitio\/wp-json\/wp\/v2\/media?parent=1419"}],"curies":[{"name":"wp","href":"https:\/\/api.w.org\/{rel}","templated":true}]}}